{"id":21,"date":"2016-03-14T15:04:09","date_gmt":"2016-03-14T14:04:09","guid":{"rendered":"http:\/\/temporaneo.arciserviziocivile.it\/ascnetwork\/rimini\/?page_id=15"},"modified":"2019-08-09T14:03:01","modified_gmt":"2019-08-09T12:03:01","slug":"statuto","status":"publish","type":"page","link":"https:\/\/temporaneo.arciserviziocivile.it\/martinafranca\/statuto\/","title":{"rendered":"STATUTO ASC MARTINA FRANCA"},"content":{"rendered":"<p class=\"s3\" style=\"text-align: center\"><strong><span class=\"s4\">Statuto di Arci Servizio Civile<\/span> <span class=\"s4\">Martina Franca<\/span><\/strong><\/p>\n<p><span class=\"s5\">Premessa<\/span><\/p>\n<p class=\"s7\"><span class=\"s5\">Arci Servizio C<\/span><span class=\"s5\">ivile Martina Franca<\/span> <span class=\"s5\">APS<\/span><span class=\"s6\"> si costituisce quale articolazione territoriale di Arci Servizio Civile Nazionale, operante come Coordinamento dal <\/span><span class=\"s6\">s<\/span><span class=\"s6\">ettembre 1986, costituita in Associazione con atto notarile il 9 <\/span><span class=\"s6\">f<\/span><span class=\"s6\">ebbraio 1996, con sede legale in Roma, iscritta al Registro Nazionale delle Associazioni di Promozione Sociale con decreto del 4 <\/span><span class=\"s6\">a<\/span><span class=\"s6\">prile 2007. Come tale<\/span><span class=\"s6\">,<\/span><span class=\"s6\"> costituisce parte integrante della Rete associativa nazionale Arci Servizio Civile, condividendone i principi statutari e i regolamenti interni, riconoscendo alla sovraordinata struttura nazionale i poteri ivi dettati.<\/span><\/p>\n<p class=\"s7\"><span class=\"s5\">Art. 1<\/span><span class=\"s6\"> \u2013 L\u2019Associazione Arci Servizio Civile<\/span><span class=\"s6\"> Mar<\/span><span class=\"s6\">tina Franca <\/span><span class=\"s6\">APS<\/span><span class=\"s6\">, acronimo <\/span><span class=\"s5\">ASC<\/span><span class=\"s5\"> Martina<\/span><span class=\"s5\"> APS<\/span><span class=\"s6\"> (di seguito denominata ASC<\/span><span class=\"s6\"> Martina<\/span><span class=\"s6\">nel presente Statuto) \u00e8 un\u2019associazione di promozione sociale<\/span><span class=\"s6\">,<\/span><span class=\"s6\">aderente alla rete associativa nazionale Arci Servizio Civile Nazionale, ai sensi e per gli effetti del Codice del Terzo Settore CTS (D.Lgs. 117\/2017 e ss.mm.ii.). L\u2019Associazione opera per il perseguimento di finalit\u00e0 civiche, solidaristiche e di utilit\u00e0 sociale, non persegue fini di lucro ed \u00e8 fatto divieto di distribuire, anche in modo indiretto, utili o avanzi di gestione, nonch\u00e9 fondi o riserve durante la vita dell\u2019Associazione.<\/span><\/p>\n<p class=\"s7\">\n<p class=\"s7\"><span class=\"s5\">Art.2<\/span><span class=\"s6\"> &#8211; L\u2019<\/span><span class=\"s6\">A<\/span><span class=\"s6\">ssociazione <\/span><span class=\"s5\">ASC<\/span><span class=\"s5\"> Martina<\/span> <span class=\"s6\">opera per la promozione dei valori della pace, della nonviolenza, dell\u2019obiezione di coscienza al servizio militare, e del servizio civile come forma di educazione alla cittadinanza e di contributo innovativo alle politiche a finalit\u00e0 pubblica, per la promozione delle esperienze di servizio civile in Italia e all\u2019estero, per un servizio civile che persegua le indicazioni del \u201cManifesto Servizio Civile 2000 e 2007\u201d e quelle di concorso alla difesa non armata della Patria e alla promozione dei valori fondativi della Repubblica di cui alla lettera a) del comma 1 dell\u2019<\/span><span class=\"s6\">a<\/span><span class=\"s6\">rt. 8 della Legge 106\/2016.<\/span><\/p>\n<p class=\"s7\"><span class=\"s5\">ASC<\/span><span class=\"s5\"> Martina<\/span><span class=\"s6\"> in questo ambito, opera per la promozione di un servizio civile rivolto sia alle donne che agli uomini, ove sono segni distintivi la realizzazione di attivit\u00e0 concrete, la dimensione territoriale, la qualit\u00e0 degli obiettivi e delle modalit\u00e0 della loro attuazione.<\/span><\/p>\n<p class=\"s7\"><span class=\"s8\">ASC<\/span><span class=\"s8\"> Martina<\/span><span class=\"s9\"> ritiene segno di identit\u00e0 del servizio civile la dimensione formativa e quindi opera per la promozione di culture, esperienze, servizi formativi sia verso i giovani che svolgono il servizio civile sia verso gli operatori del servizio civile e gli enti accreditati.<\/span><\/p>\n<p class=\"s7\"><span class=\"s8\">ASC<\/span><span class=\"s8\"> Martina<\/span><span class=\"s9\"> opera <\/span><span class=\"s9\">per <\/span><span class=\"s9\">la promozione della programmazione pluriennale e della progettualit\u00e0 degli interventi di servizio civile.<\/span><\/p>\n<p class=\"s7\"><span class=\"s8\">ASC<\/span><span class=\"s8\"> Martina<\/span><span class=\"s9\"> opera affinch<\/span><span class=\"s9\">\u00e9<\/span><span class=\"s9\"> il servizio civile sia un\u2019esperienza forte e significativa per i giovani sia attraverso azioni di rappresentanza e tutela del loro impiego in servizio civile sia di verifica e controllo sui risultati dell\u2019esperienza stessa.<\/span><\/p>\n<p class=\"s7\">\n<p class=\"s7\"><span class=\"s8\">Art. <\/span><span class=\"s8\">3<\/span><\/p>\n<p class=\"s12\"><span class=\"s10\">ASC<\/span> <span class=\"s8\">Martina<\/span> <span class=\"s11\">persegue le finalit\u00e0 civiche, solidaristiche e di utilit\u00e0 sociale di cui all\u2019art. 2 mediante lo svolgimento delle attivit\u00e0 di interesse generale di cui all\u2019<\/span><span class=\"s11\">a<\/span><span class=\"s11\">rt.5 del CTS, come di seguito articolate<\/span><span class=\"s11\">.<\/span><\/p>\n<p class=\"s12\"><span class=\"s10\">ASC<\/span> <span class=\"s8\">Martina<\/span><span class=\"s11\"> quale associazione di promozione sociale<\/span><span class=\"s11\">,<\/span><span class=\"s11\"> concentra il suo scopo sociale nella realizzazione di attivit\u00e0 ricadenti nei settori di intervento del Servizio Civile, come identificati dal Decreto Legislativo 6 marzo 2017, n. 40 e ss.mm.ii. sviluppando il proprio operato negli ambiti di seguito abbinati (settori\/attivit\u00e0 di interesse generale):<\/span><\/p>\n<div class=\"s14\"><span class=\"s13\">1) <\/span><span class=\"s10\">assistenza<\/span><span class=\"s11\">;<\/span><\/div>\n<div class=\"s15\"><span class=\"s13\">a. <\/span><span class=\"s9\">(a) interventi e servizi sociali ai sensi dell&#8217;articolo 1, commi 1 e 2, della legge 8 novembre 2000, n. 328, e successive modificazioni, e interventi, servizi e prestazioni di cui alla legge 5 febbraio 1992, n. 104, e alla legge 22 giugno 2016, n. 112, e successive modificazioni;<\/span><\/div>\n<div class=\"s16\">b. <span class=\"s6\">(c) prestazioni socio-sanitarie di cui al decreto del Presidente del Consiglio dei ministri 14 febbraio 2001, pubblicato nella Gazzetta Ufficiale n. 129 del 6 giugno 2001, e successive modificazioni;<\/span><\/div>\n<div class=\"s16\">c. <span class=\"s6\">(q) alloggio sociale, ai sensi del decreto del Ministero delle infrastrutture del 22 aprile 2008, e successive modificazioni, nonch<\/span><span class=\"s6\">\u00e9<\/span><span class=\"s6\"> ogni altra attivit\u00e0 di carattere residenziale temporaneo diretta a soddisfare bisogni sociali, sanitari, culturali, formativi o lavorativi;<\/span><\/div>\n<p class=\"s17\">\n<p class=\"s17\">\n<p class=\"s17\">\n<div class=\"s16\">d. <span class=\"s6\">(u) beneficenza, sostegno a distanza, cessione gratuita di alimenti o prodotti di cui alla legge 19 agosto 2016, n. 166, e successive modificazioni, o erogazione di denaro, beni o servizi a sostegno di persone svantaggiate o di attivit\u00e0 di interesse generale a norma del citato articolo 5 del CTS;<\/span><\/div>\n<div class=\"s16\">e. <span class=\"s6\">(x) cura di procedure di adozione internazionale ai sensi della legge 4 maggio 1983, n. 184;<\/span><\/div>\n<div class=\"s14\"><span class=\"s13\">2) <\/span><span class=\"s10\">protezione civile<\/span><span class=\"s11\">;<\/span><\/div>\n<div class=\"s15\"><span class=\"s13\">a. <\/span><span class=\"s11\">y) protezione civile ai sensi della legge 24 febbraio 1992, n. 225, e successive modificazioni;<\/span><\/div>\n<div class=\"s14\"><span class=\"s13\">3) <\/span><span class=\"s10\">patrimonio ambientale e riqualificazione urbana<\/span><span class=\"s11\">;<\/span><\/div>\n<div class=\"s15\"><span class=\"s13\">a. <\/span><span class=\"s11\">(e) interventi e servizi finalizzati alla salvaguardia e al miglioramento delle condizioni dell&#8217;ambiente e all&#8217;utilizzazione accorta e razionale delle risorse naturali, con esclusione dell&#8217;attivit\u00e0, esercitata abitualmente, di raccolta e riciclaggio dei rifiuti urbani, speciali e pericolosi, nonch\u00e9 alla tutela degli animali e prevenzione del randagismo, ai sensi della legge 14 agosto 1991, n. 281;<\/span><\/div>\n<div class=\"s14\"><span class=\"s13\">4) <\/span><span class=\"s10\">patrimonio storico, artistico e culturale<\/span><span class=\"s11\">;<\/span><\/div>\n<div class=\"s15\"><span class=\"s13\">a. <\/span><span class=\"s11\">(f) interventi di tutela e valorizzazione del patrimonio culturale e del paesaggio, ai sensi del decreto legislativo 22 gennaio 2004, n. 42, e successive modificazioni (codice dei beni culturali e del paesaggio);<\/span><\/div>\n<div class=\"s15\"><span class=\"s13\">b. <\/span><span class=\"s11\">(z) riqualificazione di beni pubblici inutilizzati o di beni confiscati alla criminalit\u00e0 organizzata.<\/span><\/div>\n<div class=\"s14\"><span class=\"s13\">5) <\/span><span class=\"s10\">educazione e promozione culturale, paesaggistica, ambientale, del turismo sostenibile e sociale, e dello sport<\/span><span class=\"s11\">;<\/span><\/div>\n<div class=\"s15\"><span class=\"s13\">a. <\/span><span class=\"s11\">(d) educazione, istruzione e formazione professionale, ai sensi della legge 28 marzo 2003, n. 53, e successive modificazioni, nonch\u00e9 le attivit\u00e0 culturali di interesse sociale con finalit\u00e0 educativa;<\/span><\/div>\n<div class=\"s15\"><span class=\"s13\">b. <\/span><span class=\"s11\">(i) organizzazione e gestione di attivit\u00e0 culturali, artistiche o ricreative di interesse sociale, incluse attivit\u00e0, anche editoriali, di promozione e diffusione della cultura e della pratica del volontariato e delle attivit\u00e0 di interesse generale di cui al citato articolo 5 del CTS;<\/span><\/div>\n<div class=\"s15\"><span class=\"s13\">c. <\/span><span class=\"s11\">(k) organizzazione e gestione di attivit\u00e0 turistiche di interesse sociale, culturale o religioso;<\/span><\/div>\n<div class=\"s15\"><span class=\"s13\">d. <\/span><span class=\"s11\">(l) formazione extra-scolastica, finalizzata alla prevenzione della dispersione scolastica e al successo scolastico e formativo, alla prevenzione del bullismo e al contrasto della poverta&#8217; educativa;<\/span><\/div>\n<div class=\"s15\"><span class=\"s13\">e. <\/span><span class=\"s9\">(t) organizzazione e gestione di attivit\u00e0 sportive dilettantistiche;<\/span><\/div>\n<div class=\"s14\"><span class=\"s13\">6) <\/span><span class=\"s10\">a<\/span><span class=\"s10\">gricoltura in zona di montagna, agricoltura sociale e biodiversita&#8217;<\/span><span class=\"s11\">;<\/span><\/div>\n<div class=\"s15\"><span class=\"s13\">a. <\/span><span class=\"s11\">(s) agricoltura sociale, ai sensi dell&#8217;articolo 2 della legge 18 agosto 2015, n. 141, e successive modificazioni;<\/span><\/div>\n<div class=\"s14\"><span class=\"s13\">7) <\/span><span class=\"s10\">promozione della pace tra i popoli, della nonviolenza e della difesa non armata<\/span><span class=\"s11\">; <\/span><span class=\"s10\">promozione e tutela dei diritti umani<\/span><span class=\"s11\">; <\/span><span class=\"s10\">cooperazione allo sviluppo<\/span><span class=\"s11\">; <\/span><span class=\"s10\">promozione della cultura italiana all&#8217;<\/span><span class=\"s10\">estero e sostegno alle comunit\u00e0 <\/span><span class=\"s10\">di italiani all&#8217;estero<\/span><span class=\"s11\">;<\/span><\/div>\n<div class=\"s15\"><span class=\"s13\">a. <\/span><span class=\"s11\">(n) cooperazione allo sviluppo, ai sensi della legge 11 agosto 2014, n. 125, e successive modificazioni;<\/span><\/div>\n<div class=\"s15\"><span class=\"s13\">b. <\/span><span class=\"s9\">(r) accoglienza umanitaria ed integrazione sociale dei migranti;<\/span><\/div>\n<div class=\"s15\"><span class=\"s13\">c. <\/span><span class=\"s11\">(v) promozione della cultura della legalit\u00e0, della pace tra i popoli, della nonviolenza e della difesa non armata;<\/span><\/div>\n<div class=\"s15\"><span class=\"s13\">d. <\/span><span class=\"s11\">(w) promozione e tutela dei diritti umani, civ<\/span><span class=\"s11\">ili, sociali e politici, nonch\u00e9 <\/span><span class=\"s11\">dei diritti dei consumatori e degli utenti delle attivit\u00e0 di interesse generale di cui al citato articolo 5 del CTS, promozione delle pari opportunit\u00e0 e delle iniziative di aiuto reciproco, incluse le banche dei tempi di cui all&#8217;articolo 27 della legge 8 marzo 2000, n. 53, e i gruppi di acquisto solidale di cui all&#8217;articolo 1, comma 266, della legge 24 dicembre 2007, n. 244;<\/span><\/div>\n<p class=\"s18\">\n<p class=\"s18\"><span class=\"s6\">Quale articolazione territoriale della rete associativa nazionale ASC Nazionale, ASC<\/span><span class=\"s6\"> Martina<\/span><span class=\"s6\"> con mutualit\u00e0 e cooperazione, per lo scopo sociale della piena attuazione del servizio<\/span><span class=\"s6\"> civile presso i propri associat<\/span><span class=\"s6\">i ed aderenti, opera<\/span><span class=\"s6\"> altres\u00ec nell\u2019attivit\u00e0 <\/span><span class=\"s6\">di interesse generale novellata all\u2019art.5 del CTS:<\/span><\/p>\n<p class=\"s19\"><span class=\"s9\">(m) servizi strumentali ad enti del Terzo settore resi da enti composti in misura non inferiore al settanta per <\/span><span class=\"s9\">cento da enti del Terzo settore.<\/span><\/p>\n<p class=\"s18\">\n<p class=\"s18\">\n<p class=\"s18\">\n<p class=\"s18\"><span class=\"s9\">In caso di aggiornamento dell\u2019elenco delle attivit\u00e0 di interesse generale di cui all\u2019<\/span><span class=\"s9\">a<\/span><span class=\"s9\">rt. 5 del CTS, l\u2019Assemblea<\/span><span class=\"s9\">,<\/span><span class=\"s9\"> ai sensi dell\u2019art<\/span><span class=\"s9\">. 26 <\/span><span class=\"s9\">del presente statuto, potr\u00e0 procedere all\u2019adeguamento del presente articolo.<\/span><\/p>\n<p class=\"s18\">\n<p class=\"s7\"><span class=\"s5\">Art.4<\/span> <span class=\"s6\">L<\/span><span class=\"s6\">\u2019Associazione <\/span><span class=\"s5\">ASC <\/span><span class=\"s5\">Martina<\/span> <span class=\"s6\">per l\u2019attuazione del servizio civile presso i propri associati ed aderenti<\/span><span class=\"s6\">,<\/span><span class=\"s6\"> riconosce ASC Nazionale quale unico e suo esclusivo soggetto titolare dell\u2019accreditamento all\u2019Albo unico del Servizio Civile Universale ai sensi della Legge 106\/2016 e dell\u2019art. 11<\/span> <span class=\"s6\">del<\/span> <span class=\"s6\">Decreto Legislativo <\/span><span class=\"s6\">n. 40<\/span><span class=\"s6\"> del 6 <\/span><span class=\"s6\">m<\/span><span class=\"s6\">arzo 2017 e successive modifiche e integrazioni.<\/span><\/p>\n<p class=\"s7\"><span class=\"s6\">A tale scopo l\u2019Associazione, le organizzazioni sue socie e gli enti legati da Contratto di Impegno e Responsabilit\u00e0 accreditate, tramite ASC Nazionale, all\u2019Albo Unico nazionale, si atterranno alle norme del Regolamento Interno del Sistema Associativo all\u2019uopo stabilito dall\u2019Assemblea Nazionale<\/span><span class=\"s6\">.<\/span><\/p>\n<p class=\"s7\">\n<p class=\"s7\"><span class=\"s8\">Art. <\/span><span class=\"s8\">5<\/span> <span class=\"s8\">ASC<\/span><span class=\"s8\"> Martina<\/span> <span class=\"s9\">\u00e8<\/span><span class=\"s9\"> articolazion<\/span><span class=\"s9\">e<\/span><span class=\"s9\"> territorial<\/span><span class=\"s9\">e<\/span><span class=\"s9\"> dell\u2019Associazione Nazionale, <\/span><span class=\"s9\">e, <\/span><span class=\"s9\">nell\u2019ambito del Regolamento Interno del Sistema Associativo all\u2019uopo stabilito dall\u2019Assemblea Nazionale, <\/span><span class=\"s9\">opera <\/span><span class=\"s9\">con funzioni di rappresentanza, promozione e coordinamento ed ha<\/span><span class=\"s9\"> a<\/span><span class=\"s9\">utonomia gestionale ed <\/span><span class=\"s9\">economica. <\/span><span class=\"s9\">In tale veste ASC<\/span><span class=\"s9\"> Martina<\/span><span class=\"s9\"> e<\/span><span class=\"s9\"> i suoi associati <\/span><span class=\"s9\">costituiscono la rete nazionale di ASC APS ai sensi dell\u2019art. 41 del CTS.<\/span><\/p>\n<p class=\"s7\">\n<p class=\"s7\"><span class=\"s5\">Art.<\/span><span class=\"s5\"> 6<\/span><span class=\"s6\"> \u2013 <\/span><span class=\"s5\">ASC<\/span><span class=\"s5\"> Martina<\/span> <span class=\"s6\">potr\u00e0 attivare tutto quanto necessario, utile e funzionale alla realizzazione delle finalit\u00e0 previste nei precedenti articoli, comprese prestazioni rivolte anche a soggetti pubblici, di terzo settore e privati che operano nel campo del servizio civile. Pu\u00f2 altres\u00ec stabilire protocolli d\u2019intesa con altri soggetti pubblici, di terzo settore e privati per l\u2019attuazione di attivit\u00e0 e servizi coerenti con le finalit\u00e0 previste dallo statuto. L\u2019<\/span><span class=\"s6\">A<\/span><span class=\"s6\">ssociazione, per il raggiungimento dei propri scopi sociali, potr\u00e0 compiere tutte le operazioni mobiliari, immobiliari, creditizie e finanziarie che riterr\u00e0 opportune.<\/span><\/p>\n<p class=\"s7\">\n<p class=\"s7\"><span class=\"s5\">Art. <\/span><span class=\"s5\">7<\/span><span class=\"s6\"> \u2013 <\/span><span class=\"s5\">ASC <\/span><span class=\"s5\">Martina<\/span><span class=\"s6\">, quale articolazione territoriale di ASC nazionale, aderisce alla \u201cFederazione ARCI\u201d, contribuendo al perseguimento dei suoi fini statutari e alla realizzazione del suo programma, nelle forme e modalit\u00e0 dettate dai regolamenti interni di ASC nazionale.<\/span><\/p>\n<p class=\"s7\">\n<p class=\"s7\"><span class=\"s5\">Art.<\/span><span class=\"s5\"> 8 <\/span><span class=\"s6\">&#8211;<\/span> <span class=\"s6\">Il sistema associativo di <\/span><span class=\"s5\">ASC<\/span><span class=\"s6\">, che ha, a suo fondamento, l\u2019insieme delle organizzazioni aderenti, luoghi costitutivi dell\u2019agire associativo, si articola nei seguenti livelli:<\/span><\/p>\n<div class=\"s21\"><span class=\"s20\">&#8211; <\/span><span class=\"s6\">Territoriali<\/span><\/div>\n<div class=\"s21\"><span class=\"s20\">&#8211; <\/span><span class=\"s6\">Regionali<\/span><\/div>\n<div class=\"s21\"><span class=\"s20\">&#8211; <\/span><span class=\"s6\">Nazionale.<\/span><\/div>\n<p class=\"s7\">\n<p class=\"s7\"><span class=\"s5\">Art.<\/span><span class=\"s5\"> 9<\/span><span class=\"s6\"> &#8211; <\/span><span class=\"s6\">Sono soci di <\/span><span class=\"s5\">ASC<\/span><span class=\"s5\"> Martina<\/span><span class=\"s6\"> le Associazioni e le Organizzazioni che hanno stipulato l\u2019Atto Costitutivo di ASC <\/span><span class=\"s6\">Martina<\/span><span class=\"s6\"> del <\/span><span class=\"s6\">23 luglio 2001<\/span><span class=\"s6\"> e tutti quelli che, intendendo aderire, si riconoscono nel presente statuto. La domanda di adesione deve essere indirizzata all\u2019<\/span><span class=\"s6\">ASC Martina<\/span><span class=\"s6\"> e deve contenere: le indicazioni relative alle generalit\u00e0 del richiedente; l\u2019accettazione dello statuto e dei regolamenti interni; l\u2019impegno ad attenersi alle deliberazioni degli organi sociali.<\/span><\/p>\n<p class=\"s7\"><span class=\"s6\">Sono soci di ASC <\/span><span class=\"s6\">Martina<\/span><span class=\"s6\"> solo le organizzazioni -quali soggetti collettivi- direttamente titolari dei codici fiscali indicati nella domanda di adesione, e non i loro, eventuali, soci individuali.<\/span><\/p>\n<p class=\"s7\"><span class=\"s6\">Martina<\/span><\/p>\n<p><span class=\"s5\">Art. <\/span><span class=\"s5\">10<\/span><span class=\"s6\"> \u2013 <\/span><span class=\"s5\">ASC<\/span><span class=\"s5\"> Martina<\/span><span class=\"s6\"> garantisce a tutti i soci la partecipazione alla vita democratica di tramite il loro diretto coinvolgimento nelle assemblee di ambito territoriale previste dall\u2019art.24, comma 5 del CTS. Il regolamento interno di ASC<\/span> <span class=\"s6\">Martina <\/span><span class=\"s6\">norma le forme e le regole di partecipazione richiamate dagli artt.24 e 25 del CTS <\/span><span class=\"s22\">nel rispett<\/span><span class=\"s22\">o dei principi di democraticit\u00e0, pari opportunit\u00e0<\/span><span class=\"s22\"> ed eguaglianza di tutt<\/span><span class=\"s22\">i gli associati e di elettivit\u00e0<\/span><span class=\"s22\"> delle cariche sociali<\/span><span class=\"s6\">.<\/span><\/p>\n<p class=\"s7\">\n<p class=\"s7\"><span class=\"s5\">Art.11<\/span><span class=\"s5\"> &#8211; <\/span><span class=\"s6\">Lo status di Socio, una volta acquisito, ha carattere permanente, e pu\u00f2 venir meno solo nei casi previsti dallo statuto. Non sono pertanto ammesse iscrizioni che violino tale principio, introducendo criteri di ammissioni strumentalmente limitativi di diritti o a termine.<\/span><\/p>\n<p class=\"s7\"><span class=\"s6\">E&#8217; compito dell\u2019Assemblea esaminare ed esprimersi, entro un massimo di 90 giorni dalla richiesta di adesione, in merito alle domande di ammissione, dopo aver anche verificato che gli aspiranti soci siano in possesso dei requisiti previsti. Qualora la domanda venga accolta, i dati del richiedente saranno annotati nel Libro dei Soci.<\/span><\/p>\n<p class=\"s7\"><span class=\"s6\">Nel caso in cui la domanda venga respinta, o ad essa non sia data risposta entro il dovuto termine, l&#8217;interessato potr\u00e0 presentare ricorso al Collegio dei Garanti. Qualora necessario, sull\u2019esito del ricorso si pronuncer\u00e0 in via definitiva l\u2019Assemblea alla sua prima convocazione utile.<\/span><\/p>\n<p class=\"s7\">\n<p class=\"s7\"><span class=\"s5\">Art. <\/span><span class=\"s5\">12<\/span><span class=\"s6\"> &#8211; I Soci hanno diritto a:<\/span><\/p>\n<div class=\"s23\">&#8211; <span class=\"s6\">partecipare a tutte le iniziative e alle manifestazioni promosse dall\u2019<\/span><span class=\"s6\">A<\/span><span class=\"s6\">ssociazione;<\/span><\/div>\n<div class=\"s23\">&#8211; <span class=\"s6\">a riunirsi in congresso per discutere e votare sulle questioni riguardanti l\u2019<\/span><span class=\"s6\">A<\/span><span class=\"s6\">ssociazione;<\/span><\/div>\n<div class=\"s23\">&#8211; <span class=\"s6\">ad eleggere ed essere eletti membri degli organismi dirigenti.<\/span><\/div>\n<p class=\"s7\"><span class=\"s6\">Il socio \u00e8<\/span><span class=\"s6\"> tenuto al pagamento annuale della quota sociale, al rispetto dello statuto e dei regolamenti interni, all&#8217;osservanza delle delibere degli organi sociali <\/span><span class=\"s6\">di<\/span><span class=\"s6\"> ASC<\/span><span class=\"s6\"> Martina<\/span><span class=\"s6\">,<\/span><span class=\"s6\"> a cui ha fatto richiesta di adesione.<\/span><\/p>\n<p class=\"s7\"><span class=\"s6\">La quota sociale rappresenta unicamente un versamento vincolante a sostegno economico del sodalizio, non costituisce pertanto in alcun modo titolo di propriet\u00e0 o di partecipazione a proventi, non \u00e9 in nessun caso rimborsabile o trasmissibile.<\/span><\/p>\n<p class=\"s7\"><span class=\"s6\">Hanno diritto di voto in congresso i soci che abbiano provveduto al versamento della quota sociale prima della data di con<\/span><span class=\"s6\">vocazione dell&#8217;A<\/span><span class=\"s6\">ssemblea congressuale.<\/span><\/p>\n<p class=\"s7\">\n<p class=\"s7\"><span class=\"s5\">Art. <\/span><span class=\"s5\">13<\/span><span class=\"s6\"> &#8211; La qualifica di socio si perde per:<\/span><\/p>\n<div class=\"s23\">&#8211; <span class=\"s6\">mancato pagamento delle quote sociali;<\/span><\/div>\n<div class=\"s23\">&#8211; <span class=\"s6\">dimissioni, presentate per iscritto al<\/span><span class=\"s6\">l\u2019<\/span><span class=\"s6\">Assemblea o al Presidente;<\/span><\/div>\n<div class=\"s23\">&#8211; <span class=\"s6\">espulsione o radiazione.<\/span><\/div>\n<p class=\"s7\">\n<p class=\"s7\"><span class=\"s5\">Art. <\/span><span class=\"s5\">14<\/span><span class=\"s6\">&#8211; L\u2019Assemblea ha la facolt\u00e0 di intraprendere azione disciplinare nei confronti del socio, mediante, a seconda della gravit\u00e0 dell&#8217;infrazione commessa, il richiamo scritto, la sospensione temporanea o l&#8217;espulsione o radiazione, per i seguenti motivi:<\/span><\/p>\n<div class=\"s23\">&#8211; <span class=\"s6\">inosservanza delle disposizioni dello statuto, di eventuali regolamenti o delle deliberazioni degli organi sociali;<\/span><\/div>\n<div class=\"s23\">&#8211; <span class=\"s6\">denigrazione dell\u2019A<\/span><span class=\"s6\">ssociazione, dei suoi organi sociali, dei suoi soci;<\/span><\/div>\n<div class=\"s23\">&#8211; <span class=\"s6\">attentare in qualche modo al buon andamento dell\u2019<\/span><span class=\"s6\">A<\/span><span class=\"s6\">ssociazione, ostacolandone lo sviluppo o perseguendone lo scioglimento;<\/span><\/div>\n<div class=\"s23\">&#8211; <span class=\"s6\">adesione ad altro ente accreditato con lo Stato o con le Regioni e Province Autonome per la gestione del servizio civile nazionale universale;<\/span><\/div>\n<div class=\"s23\">&#8211; <span class=\"s6\">richiesta allo Stato di stipula di autonomo \u00a0accreditamento per la gestione del servizio civile universale;<\/span><\/div>\n<div class=\"s23\">&#8211; <span class=\"s6\">commettere o provocare gravi disordini durante le assemblee;<\/span><\/div>\n<div class=\"s23\">&#8211; <span class=\"s6\">appropriazione indebita dei fondi sociali, atti, documenti o altro di propriet\u00e0 dell\u2019associazione;<\/span><\/div>\n<div class=\"s23\">&#8211; <span class=\"s6\">arrecare in qualunque modo danni morali o materiali all\u2019associazione. In caso di<\/span><span class=\"s6\"> d<\/span><span class=\"s6\">olo, il danno dovr\u00e0 essere risarcito.<\/span><\/div>\n<p class=\"s7\"><span class=\"s6\">Contro ogni provvedimento di sospensione, espulsione o radiazione, \u00e9 ammesso il ricorso al Collegio dei Garanti entro trenta giorni; sul quale, se necessario, decide in via definitiva la prima Assemblea <\/span><span class=\"s6\">utile<\/span><span class=\"s6\">.<\/span><\/p>\n<p class=\"s7\">\n<p class=\"s7\"><span class=\"s5\">Art. 15<\/span><span class=\"s6\"> &#8211; Gli organi sociali di direzione di ASC<\/span><span class=\"s6\"> Martina<\/span><span class=\"s6\"> sono:<\/span><\/p>\n<div class=\"s23\">&#8211; <span class=\"s6\">il Congresso;<\/span><\/div>\n<div class=\"s23\">&#8211; <span class=\"s6\">l\u2019Assemblea;<\/span><\/div>\n<div class=\"s23\">&#8211; <span class=\"s6\">l\u2019Esecutivo;<\/span><\/div>\n<div class=\"s23\">&#8211; <span class=\"s6\">il Presidente.<\/span><\/div>\n<p class=\"s7\"><span class=\"s9\">Le cariche sociali sono di norma gratuite.<\/span><\/p>\n<p class=\"s7\">\n<p class=\"s7\"><span class=\"s5\">Art.<\/span> <span class=\"s5\">1<\/span><span class=\"s5\">6<\/span><span class=\"s6\"> \u2013 Il <\/span><span class=\"s5\">Congresso<\/span><span class=\"s6\"> di ASC<\/span><span class=\"s6\"> Martina<\/span><span class=\"s6\"> \u00e8 costituito dai rappresentanti, che, tramite percorsi di partecipazione e deleg<\/span><span class=\"s6\">a democratica, i soci designano<\/span><span class=\"s6\">.<\/span><span class=\"s6\"> Questi, tramite i loro rappresentanti, esprimono gli in<\/span><span class=\"s6\">dirizzi politici generali dell\u2019A<\/span><span class=\"s6\">ssociazione.<\/span><\/p>\n<p class=\"s7\"><span class=\"s6\">Il Congresso \u00e8 convocato dal Presidente, in esecuzione delle deliberazioni dell\u2019Assemblea<\/span><span class=\"s6\">,<\/span><span class=\"s6\"> con comunicazioni avviate entro i termini stabiliti dall\u2019Assemblea stessa e utilizzando tutti i mezzi idonei a garantire la piena partecipazione degli aventi diritto. L\u2019Assemblea stabilisce le norme di convocazione, <\/span><span class=\"s6\">garantendo la partecipazione di almeno un rappresentante per organizzazione socia, <\/span><span class=\"s6\">in base a criteri di proporzionalit\u00e0 e rappresentanza territoriale<\/span><span class=\"s6\">\/settoriale<\/span><span class=\"s6\">.<\/span><\/p>\n<p><span class=\"s9\">Il Congresso si riunisce di norma ogni quattro anni ed ha il compito di:<\/span><\/p>\n<div class=\"s23\">&#8211; <span class=\"s6\">definire gli obiettivi politici ed organizzativi generali;<\/span><\/div>\n<div class=\"s23\">&#8211; <span class=\"s6\">eleggere l\u2019 Assemblea, garantendo \u00a0la rappresentanza di ogni organizzazione socia e definendo i criteri e le modalit\u00e0 di cooptazione delle organizzazioni associate durante il mandato congressuale;<\/span><\/div>\n<div class=\"s23\">&#8211; <span class=\"s6\">eleggere il Collegio<\/span><span class=\"s6\"> dei Sindaci Revisori dei Conti, nei casi previsti dal CTS;<\/span><\/div>\n<div class=\"s23\">&#8211; <span class=\"s6\">eleggere il Collegio dei Garanti<\/span><span class=\"s6\"> o delegare le funzioni al livello Regionale, qualora costituito<\/span><span class=\"s6\">;<\/span><\/div>\n<div class=\"s23\">&#8211; <span class=\"s6\">discutere ed approvare le variazioni statutarie.<\/span><\/div>\n<p class=\"s7\">\n<p class=\"s7\"><span class=\"s6\">Degli atti e delle deliberazioni dell\u2019assise viene redatto verbale; tale verbale \u00e9 conservato agli atti ed \u00e8 a disposizione dei Soci che richiedano di consultarlo.<\/span><\/p>\n<p class=\"s7\"><span class=\"s6\">Il Congresso pu\u00f2 essere convocato per circostanze eccezionali prima della scadenza del mandato:<\/span><\/p>\n<div class=\"s23\">&#8211; <span class=\"s6\">per deliberazione dell\u2019Assemblea;<\/span><\/div>\n<div class=\"s23\">&#8211; <span class=\"s6\">per richiesta dei <\/span><span class=\"s6\">tre quarti<\/span><span class=\"s6\"> dei soci.<\/span><\/div>\n<div class=\"s23\">&#8211; <span class=\"s6\">p<\/span><span class=\"s6\">er richiesta motivata del Presidente di ASC nazionale<\/span><span class=\"s6\">, su delibera dell\u2019Assemblea nazionale.<\/span><\/div>\n<div class=\"s23\">&#8211; <span class=\"s6\">In tale caso essa dovr\u00e0 aver luogo entro <\/span><span class=\"s6\">60<\/span> <span class=\"s6\">giorni dalla data in cui viene richiesta, e delibera solo sugli argomenti che ne hanno determinato la convocazione.<\/span><\/div>\n<p class=\"s7\"><span class=\"s6\">Il Congresso \u00e8 da ritenersi valido qualora siano presenti pi\u00f9 del 50% dei delegati. Le deliberazioni sono da considerarsi valide a maggioranza semplice dei presenti, ad eccezione delle deliberazioni relative all\u2019Art. 2<\/span><span class=\"s6\">5<\/span><span class=\"s6\">.<\/span><\/p>\n<p class=\"s7\">\n<p class=\"s7\"><span class=\"s5\">Art. 17<\/span><span class=\"s6\"> \u2013 L\u2019<\/span><span class=\"s5\">Assemblea<\/span><span class=\"s6\"> \u00e8 l\u2019organo di direzione dell\u2019Associazione ASC<\/span><span class=\"s6\"> Martina <\/span><span class=\"s6\">durante il mandato sociale.<\/span><\/p>\n<p class=\"s7\"><span class=\"s9\">Essa \u00e8 composta da almeno un rappresentante per ogni organizzazione socia.<\/span><\/p>\n<p><span class=\"s9\">I compiti dell\u2019Assemblea sono:<\/span><\/p>\n<div class=\"s23\">&#8211; <span class=\"s6\">attuare le direttive del Congresso;<\/span><\/div>\n<div class=\"s23\">&#8211; <span class=\"s6\">delineare, definire ed approvare il programma di ASC<\/span><span class=\"s6\"> Martina<\/span><span class=\"s6\">;<\/span><\/div>\n<div class=\"s23\">&#8211; <span class=\"s6\">discutere e approvare il rendiconto economico e finanziario e gli eventuali bilanci;<\/span><\/div>\n<div class=\"s23\">&#8211; <span class=\"s6\">discute<\/span><span class=\"s6\">r<\/span><span class=\"s6\">e e approvare, nei termini previsti dal CTS, il bilancio sociale dell\u2019associazione;<\/span><\/div>\n<div class=\"s23\">&#8211; <span class=\"s6\">eleggere il Presidente; <\/span><\/div>\n<div class=\"s23\">&#8211; <span class=\"s6\">eleggere l\u2019Esecutivo;<\/span><\/div>\n<div class=\"s23\">&#8211; <span class=\"s6\">deliberare sull\u2019accettazione di domande di nuovi soci;<\/span><\/div>\n<div class=\"s23\">&#8211; <span class=\"s6\">deliberare in merito alla cessazione dello stato di socio;<\/span><\/div>\n<div class=\"s23\">&#8211; <span class=\"s6\">accogliere le comunicazioni della cessazione di socio;<\/span><\/div>\n<div class=\"s23\">&#8211; <span class=\"s6\">deliberare in merito alle partecipazioni dell\u2019associazione in enti terzi;<\/span><\/div>\n<div class=\"s23\">&#8211; <span class=\"s6\">deliberare in materia di regolamenti interni;<\/span><\/div>\n<div class=\"s23\">&#8211; <span class=\"s6\">definire le quote sociali e gli importi dei contributi e delle partecipazioni economiche per le risorse costituenti il \u201cFondo \u2026\u2026.\u201d;<\/span><\/div>\n<div class=\"s23\">&#8211; <span class=\"s6\">convocare il Congresso stabilendone l\u2019ordine del giorno, i materiali preparatori e le norme di convocazione.<\/span><\/div>\n<p class=\"s7\"><span class=\"s6\">L\u2019Assemblea \u00e8 da ritenersi valida qualora sia presente pi\u00f9 del 50% dei suoi componenti, fatte salve le situazioni di prima e seconda convocazione indicate dal Regolamento di cui all\u2019ultimo comma del presente articolo. Le deliberazioni sono da ritenersi valide a maggioranza semplice dei presenti, ad eccezione delle deliberazioni in materia di approvazione del rendiconto economico e finanziario e degli eventuali bilanci, che dovranno essere prese con maggioranza qualificata del 51% dei componenti dell\u2019Assemblea.<\/span><\/p>\n<p class=\"s7\"><span class=\"s6\">L\u2019Assemblea si riunisce almeno due volte l\u2019anno.<\/span><\/p>\n<p class=\"s7\"><span class=\"s6\">L\u2019Assemblea \u00e8 convocata dal Presidente.<\/span><\/p>\n<p class=\"s7\"><span class=\"s9\">Delle deliberazioni viene redatto verbale; tale verbale \u00e9 conservato agli atti ed \u00e9 a disposizione dei Soci che richiedano di consultarlo.<\/span><\/p>\n<p class=\"s7\"><span class=\"s9\">L\u2019Assemblea dovr\u00e0 dotarsi di un proprio regolamento entro 90 giorni dal suo insediamento. In esso saranno anche contenute le norme concernenti le modalit\u00e0 di convocazione delle riunioni degli organi sociali dell\u2019associazione e le regole di partecipazione e gestione democratica delle stesse.<\/span><\/p>\n<p class=\"s24\">\n<p class=\"s7\"><span class=\"s5\">Art. 1<\/span><span class=\"s5\">8<\/span><span class=\"s6\"> &#8211; Il <\/span><span class=\"s5\">Presidente<\/span><span class=\"s6\"> ha il compito di garantire l\u2019attuazione del mandato del Congresso; convoca e definisce l\u2019ordine dei lavori dell\u2019Assemblea; a lui compe<\/span><span class=\"s6\">tono i poteri di rappresentanza e di ordinaria amministrazione e la<\/span><span class=\"s6\"> firma sociale dell\u2019Associazione. Rappresenta l\u2019associazione di fronte a terzi ed in giudizio. Egli pu\u00f2 delegare parte delle sue facolt\u00e0 ad altri consiglieri, con firma anche separata, per svolgere quanto <\/span><span class=\"s6\">utile alla buona gestione dell\u2019A<\/span><span class=\"s6\">ssociazione, predisponendo ove necessario procure e deleghe.<\/span><\/p>\n<p class=\"s7\">\n<p class=\"s24\"><span class=\"s8\">Art.<\/span><span class=\"s8\">19<\/span><span class=\"s9\"> \u2013 L\u2019<\/span><span class=\"s8\">Esecutivo<\/span><span class=\"s9\">, organo di amministrazione ai sensi dell\u2019Art. 26 del CTS fra un\u2019<\/span><span class=\"s9\">A<\/span><span class=\"s9\">ssemblea e l\u2019altra, <\/span><span class=\"s9\">a cui competono i poteri di straordinaria amministrazione, <\/span><span class=\"s9\">convocato e coordinato dal Presidente,<\/span> <span class=\"s9\">\u00e8 composto, oltre che dal Presidente, da un minimo di 4 componenti.<\/span><\/p>\n<p class=\"s7\"><span class=\"s6\">L\u2019Esecutivo ha il compito di attuare le decisioni dell\u2019Assemblea, di definire la proposta di rendiconto annuale e di piano economico-programmatico preventivo e di istruire i materiali necessari ai lavori dell\u2019Assemblea stessa.<\/span><\/p>\n<p class=\"s7\"><span class=\"s6\">Si riunisce di norma con cadenza bimestrale.<\/span><\/p>\n<p class=\"s7\">\n<p class=\"s7\">\n<p class=\"s24\"><span class=\"s9\">Su proposta del Presidente affida al suo interno, qualora ritenuti funzionali all\u2019operativit\u00e0 dell\u2019associazione, gli incarichi di: Direttore, Responsabile Area Amministrativa, eventuali responsabilit\u00e0 di programma.<\/span><\/p>\n<p class=\"s7\"><span class=\"s5\">Art<\/span><span class=\"s5\">. <\/span><span class=\"s5\">20<\/span><span class=\"s5\"> &#8211; <\/span><span class=\"s6\">I<\/span><span class=\"s6\">l<\/span> <span class=\"s5\">Collegio<\/span> <span class=\"s5\">dei<\/span> <span class=\"s5\">Sindaci<\/span> <span class=\"s5\">R<\/span><span class=\"s5\">e<\/span><span class=\"s5\">visori<\/span> <span class=\"s6\">\u00e8<\/span> <span class=\"s6\">o<\/span><span class=\"s6\">r<\/span><span class=\"s6\">ga<\/span><span class=\"s6\">no<\/span> <span class=\"s6\">di<\/span> <span class=\"s6\">v<\/span><span class=\"s6\">erifica<\/span> <span class=\"s6\">e<\/span><span class=\"s6\">c<\/span><span class=\"s6\">o<\/span><span class=\"s6\">n<\/span><span class=\"s6\">t<\/span><span class=\"s6\">r<\/span><span class=\"s6\">ollo<\/span> <span class=\"s6\">amminist<\/span><span class=\"s6\">ra<\/span><span class=\"s6\">ti<\/span><span class=\"s6\">v<\/span><span class=\"s6\">o,<\/span> <span class=\"s6\">p<\/span><span class=\"s6\">r<\/span><span class=\"s6\">ese<\/span><span class=\"s6\">n<\/span><span class=\"s6\">t<\/span><span class=\"s6\">e, qualora richiesto dal CTS, in<\/span><span class=\"s6\">ogni<\/span> <span class=\"s6\">li<\/span><span class=\"s6\">v<\/span><span class=\"s6\">ello<\/span> <span class=\"s6\">o<\/span><span class=\"s6\">r<\/span><span class=\"s6\">ganizz<\/span><span class=\"s6\">a<\/span><span class=\"s6\">ti<\/span><span class=\"s6\">v<\/span><span class=\"s6\">o<\/span> <span class=\"s6\">del<\/span><span class=\"s6\">l<\/span><span class=\"s6\">\u2019<\/span><span class=\"s6\">A<\/span><span class=\"s6\">ssociazione ed<\/span> <span class=\"s6\">\u00e8 el<\/span><span class=\"s6\">e<\/span><span class=\"s6\">t<\/span><span class=\"s6\">t<\/span><span class=\"s6\">o<\/span> <span class=\"s6\">nei<\/span> <span class=\"s6\">risp<\/span><span class=\"s6\">e<\/span><span class=\"s6\">ttivi<\/span><span class=\"s6\">c<\/span><span class=\"s6\">ong<\/span><span class=\"s6\">r<\/span><span class=\"s6\">essi<\/span><span class=\"s6\">.<\/span><\/p>\n<p class=\"s25\">\n<p class=\"s25\"><span class=\"s9\">In ASC<\/span><span class=\"s9\"> Martina<\/span><span class=\"s9\">, qualora previsto, <\/span><span class=\"s9\">h<\/span><span class=\"s9\">a<\/span> <span class=\"s9\">il<\/span> <span class=\"s9\">c<\/span><span class=\"s9\">ompi<\/span><span class=\"s9\">t<\/span><span class=\"s9\">o<\/span> <span class=\"s9\">di:<\/span><\/p>\n<div class=\"s26\"><span class=\"s13\">&#8211; <\/span><span class=\"s9\">esprime<\/span><span class=\"s9\">r<\/span><span class=\"s9\">e<\/span> <span class=\"s9\">pa<\/span><span class=\"s9\">r<\/span><span class=\"s9\">eri<\/span> <span class=\"s9\">di<\/span> <span class=\"s9\">legittimit\u00e0<\/span> <span class=\"s9\">in<\/span> <span class=\"s9\">a<\/span><span class=\"s9\">tti<\/span> <span class=\"s9\">di<\/span> <span class=\"s9\">n<\/span><span class=\"s9\">a<\/span><span class=\"s9\">tu<\/span><span class=\"s9\">r<\/span><span class=\"s9\">a<\/span> <span class=\"s9\">amminist<\/span><span class=\"s9\">ra<\/span><span class=\"s9\">ti<\/span><span class=\"s9\">v<\/span><span class=\"s9\">a<\/span> <span class=\"s9\">e<\/span> <span class=\"s9\">p<\/span><span class=\"s9\">a<\/span><span class=\"s9\">trimoniale;<\/span><\/div>\n<div class=\"s27\"><span class=\"s13\">&#8211; <\/span><span class=\"s9\">c<\/span><span class=\"s9\">o<\/span><span class=\"s9\">n<\/span><span class=\"s9\">t<\/span><span class=\"s9\">r<\/span><span class=\"s9\">olla<\/span><span class=\"s9\">r<\/span><span class=\"s9\">e<\/span> <span class=\"s9\">l<\/span><span class=\"s9\">\u2019<\/span><span class=\"s9\">andame<\/span><span class=\"s9\">n<\/span><span class=\"s9\">t<\/span><span class=\"s9\">o<\/span> <span class=\"s9\">amminist<\/span><span class=\"s9\">ra<\/span><span class=\"s9\">ti<\/span><span class=\"s9\">v<\/span><span class=\"s9\">o<\/span> <span class=\"s9\">del<\/span><span class=\"s9\">l<\/span><span class=\"s9\">\u2019<\/span><span class=\"s9\">A<\/span><span class=\"s9\">ssociazione;<\/span><\/div>\n<div class=\"s28\"><span class=\"s13\">&#8211; <\/span><span class=\"s9\">c<\/span><span class=\"s9\">o<\/span><span class=\"s9\">n<\/span><span class=\"s9\">t<\/span><span class=\"s9\">r<\/span><span class=\"s9\">olla<\/span><span class=\"s9\">r<\/span><span class=\"s9\">e<\/span> <span class=\"s9\">la<\/span><span class=\"s9\"> r<\/span><span class=\"s9\">egola<\/span><span class=\"s9\">r<\/span><span class=\"s9\">e<\/span> <span class=\"s9\">t<\/span><span class=\"s9\">enuta<\/span> <span class=\"s9\">della<\/span> <span class=\"s9\">c<\/span><span class=\"s9\">on<\/span><span class=\"s9\">tabilit\u00e0<\/span> <span class=\"s9\">e<\/span> <span class=\"s9\">la<\/span> <span class=\"s9\">c<\/span><span class=\"s9\">orrispondenza<\/span> <span class=\"s9\">dei<\/span> <span class=\"s9\">bilanci alle<\/span> <span class=\"s9\">scrittu<\/span><span class=\"s9\">r<\/span><span class=\"s9\">e;<\/span><\/div>\n<div class=\"s29\"><span class=\"s13\">&#8211; <\/span><span class=\"s9\">p<\/span><span class=\"s9\">r<\/span><span class=\"s9\">ese<\/span><span class=\"s9\">n<\/span><span class=\"s9\">ta<\/span><span class=\"s9\">r<\/span><span class=\"s9\">e<\/span> <span class=\"s9\">all\u2019Assemblea<\/span> <span class=\"s9\">una<\/span> <span class=\"s9\">r<\/span><span class=\"s9\">elazione<\/span> <span class=\"s9\">scritta<\/span> <span class=\"s9\">sul<\/span> <span class=\"s9\">r<\/span><span class=\"s9\">endi<\/span><span class=\"s9\">c<\/span><span class=\"s9\">o<\/span><span class=\"s9\">n<\/span><span class=\"s9\">t<\/span><span class=\"s9\">o<\/span> <span class=\"s9\">e<\/span><span class=\"s9\">c<\/span><span class=\"s9\">onomi<\/span><span class=\"s9\">c<\/span><span class=\"s9\">o<\/span> <span class=\"s9\">e<\/span> <span class=\"s9\">finanziario<\/span> <span class=\"s9\">o<\/span> <span class=\"s9\">bilancio<\/span> <span class=\"s9\">c<\/span><span class=\"s9\">onsu<\/span><span class=\"s9\">n<\/span><span class=\"s9\">ti<\/span><span class=\"s9\">v<\/span><span class=\"s9\">o.<\/span><span class=\"s9\"> \u00a0<\/span><span class=\"s9\">I\/le compone<\/span><span class=\"s9\">n<\/span><span class=\"s9\">ti del<\/span> <span class=\"s9\">Collegio<\/span> <span class=\"s9\">possono<\/span> <span class=\"s9\">in<\/span> <span class=\"s9\">qualsiasi<\/span> <span class=\"s9\">mome<\/span><span class=\"s9\">n<\/span><span class=\"s9\">t<\/span><span class=\"s9\">o<\/span> <span class=\"s9\">p<\/span><span class=\"s9\">r<\/span><span class=\"s9\">o<\/span><span class=\"s9\">c<\/span><span class=\"s9\">ede<\/span><span class=\"s9\">r<\/span><span class=\"s9\">e,<\/span> <span class=\"s9\">anche<\/span> <span class=\"s9\">individualme<\/span><span class=\"s9\">n<\/span><span class=\"s9\">t<\/span><span class=\"s9\">e, ad <\/span><span class=\"s9\">a<\/span><span class=\"s9\">tti di<\/span> <span class=\"s9\">isp<\/span><span class=\"s9\">e<\/span><span class=\"s9\">zione e di<\/span><span class=\"s9\">c<\/span><span class=\"s9\">o<\/span><span class=\"s9\">n<\/span><span class=\"s9\">t<\/span><span class=\"s9\">r<\/span><span class=\"s9\">ollo,<\/span> <span class=\"s9\">e<\/span> <span class=\"s9\">a<\/span> <span class=\"s9\">tal<\/span> <span class=\"s9\">fine,<\/span> <span class=\"s9\">possono<\/span><span class=\"s9\"> chiedere agli<\/span> <span class=\"s9\">amminist<\/span><span class=\"s9\">ra<\/span><span class=\"s9\">t<\/span><span class=\"s9\">ori<\/span> <span class=\"s9\">n<\/span><span class=\"s9\">o<\/span><span class=\"s9\">tizie<\/span> <span class=\"s9\">sul<\/span><span class=\"s9\">l<\/span><span class=\"s9\">\u2019<\/span><span class=\"s9\">andamen<\/span><span class=\"s9\">t<\/span><span class=\"s9\">o<\/span> <span class=\"s9\">delle<\/span> <span class=\"s9\">ope<\/span><span class=\"s9\">r<\/span><span class=\"s9\">azioni<\/span> <span class=\"s9\">sociali<\/span> <span class=\"s9\">o<\/span> <span class=\"s9\">su<\/span><span class=\"s9\">d<\/span><span class=\"s9\">e<\/span><span class=\"s9\">t<\/span><span class=\"s9\">ermi<\/span><span class=\"s9\">n<\/span><span class=\"s9\">a<\/span><span class=\"s9\">te operazioni.<\/span><\/div>\n<p class=\"s30\">\n<p class=\"s30\"><span class=\"s9\">Il<\/span> <span class=\"s9\">Collegio<\/span> <span class=\"s9\">dei<\/span> <span class=\"s9\">Sindaci<\/span> <span class=\"s9\">R<\/span><span class=\"s9\">e<\/span><span class=\"s9\">visori<\/span> <span class=\"s9\">\u00e8<\/span> <span class=\"s9\">f<\/span><span class=\"s9\">orm<\/span><span class=\"s9\">a<\/span><span class=\"s9\">t<\/span><span class=\"s9\">o<\/span> <span class=\"s9\">da<\/span> <span class=\"s9\">t<\/span><span class=\"s9\">r<\/span><span class=\"s9\">e<\/span> <span class=\"s9\">c<\/span><span class=\"s9\">ompone<\/span><span class=\"s9\">n<\/span><span class=\"s9\">ti<\/span> <span class=\"s9\">e<\/span><span class=\"s9\">f<\/span><span class=\"s9\">f<\/span><span class=\"s9\">e<\/span><span class=\"s9\">ttivi<\/span><span class=\"s9\">\/<\/span><span class=\"s9\">e<\/span> <span class=\"s9\">e <\/span><span class=\"s9\">da<\/span> <span class=\"s9\">due<\/span> <span class=\"s9\">supple<\/span><span class=\"s9\">n<\/span><span class=\"s9\">ti<\/span> <span class=\"s9\">s<\/span><span class=\"s9\">c<\/span><span class=\"s9\">elti<\/span><span class=\"s9\">\/<\/span><span class=\"s9\">e<\/span> <span class=\"s9\">f<\/span><span class=\"s9\">r<\/span><span class=\"s9\">a<\/span> <span class=\"s9\">i\/le<\/span> <span class=\"s9\">soci<\/span><span class=\"s9\">\/<\/span><span class=\"s9\">e non<\/span><span class=\"s9\">c<\/span><span class=\"s9\">ompone<\/span><span class=\"s9\">n<\/span><span class=\"s9\">ti<\/span> <span class=\"s9\">di<\/span> <span class=\"s9\">o<\/span><span class=\"s9\">r<\/span><span class=\"s9\">ganismi<\/span> <span class=\"s9\">dirige<\/span><span class=\"s9\">n<\/span><span class=\"s9\">ti<\/span> <span class=\"s9\">di<\/span> <span class=\"s9\">pari<\/span> <span class=\"s9\">li<\/span><span class=\"s9\">v<\/span><span class=\"s9\">ello<\/span> <span class=\"s9\">o<\/span> <span class=\"s9\">individu<\/span><span class=\"s9\">a<\/span><span class=\"s9\">ti<\/span><span class=\"s9\">\/<\/span><span class=\"s9\">e<\/span> <span class=\"s9\">anche<\/span> <span class=\"s9\">t<\/span><span class=\"s9\">r<\/span><span class=\"s9\">a<\/span> <span class=\"s9\">pe<\/span><span class=\"s9\">r<\/span><span class=\"s9\">sone<\/span> <span class=\"s9\">non<\/span> <span class=\"s9\">ade<\/span><span class=\"s9\">r<\/span><span class=\"s9\">e<\/span><span class=\"s9\">n<\/span><span class=\"s9\">ti<\/span> <span class=\"s9\">al<\/span><span class=\"s9\">l<\/span><span class=\"s9\">\u2019<\/span><span class=\"s9\">A<\/span><span class=\"s9\">ssociazione.<\/span><\/p>\n<p class=\"s30\"><span class=\"s9\">Il<\/span> <span class=\"s9\">Collegio<\/span> <span class=\"s9\">elegge<\/span> <span class=\"s9\">al<\/span> <span class=\"s9\">p<\/span><span class=\"s9\">r<\/span><span class=\"s9\">oprio<\/span> <span class=\"s9\">i<\/span><span class=\"s9\">n<\/span><span class=\"s9\">t<\/span><span class=\"s9\">erno<\/span> <span class=\"s9\">un<\/span><span class=\"s9\">\/<\/span><span class=\"s9\">a<\/span> <span class=\"s9\">P<\/span><span class=\"s9\">r<\/span><span class=\"s9\">eside<\/span><span class=\"s9\">n<\/span><span class=\"s9\">t<\/span><span class=\"s9\">e.<\/span><\/p>\n<p class=\"s30\"><span class=\"s9\">I\/le<\/span> <span class=\"s9\">c<\/span><span class=\"s9\">ompone<\/span><span class=\"s9\">n<\/span><span class=\"s9\">ti<\/span> <span class=\"s9\">del<\/span> <span class=\"s9\">Collegio<\/span> <span class=\"s9\">dei<\/span> <span class=\"s9\">Sindaci<\/span> <span class=\"s9\">R<\/span><span class=\"s9\">e<\/span><span class=\"s9\">visori<\/span> <span class=\"s9\">hanno<\/span> <span class=\"s9\">dirit<\/span><span class=\"s9\">t<\/span><span class=\"s9\">o<\/span> <span class=\"s9\">di<\/span> <span class=\"s9\">pa<\/span><span class=\"s9\">r<\/span><span class=\"s9\">t<\/span><span class=\"s9\">ecipazione<\/span> <span class=\"s9\">ai<\/span> <span class=\"s9\">l<\/span><span class=\"s9\">a<\/span><span class=\"s9\">v<\/span><span class=\"s9\">ori<\/span> <span class=\"s9\">dell\u2019Assemblea<\/span> <span class=\"s9\">senza<\/span> <span class=\"s9\">dirit<\/span><span class=\"s9\">t<\/span><span class=\"s9\">o<\/span> <span class=\"s9\">di<\/span><span class=\"s9\">v<\/span><span class=\"s9\">o<\/span><span class=\"s9\">t<\/span><span class=\"s9\">o.<\/span><\/p>\n<p class=\"s31\"><span class=\"s9\">A<\/span><span class=\"s9\">ssume<\/span> <span class=\"s9\">la<\/span> <span class=\"s9\">funzione<\/span> <span class=\"s9\">di<\/span> <span class=\"s9\">O<\/span><span class=\"s9\">r<\/span><span class=\"s9\">gano<\/span> <span class=\"s9\">di<\/span> <span class=\"s9\">c<\/span><span class=\"s9\">o<\/span><span class=\"s9\">n<\/span><span class=\"s9\">t<\/span><span class=\"s9\">r<\/span><span class=\"s9\">o<\/span><span class=\"s9\">l<\/span><span class=\"s9\">lo<\/span> <span class=\"s9\">ai<\/span> <span class=\"s9\">sensi<\/span> <span class=\"s9\">del<\/span><span class=\"s9\">l<\/span><span class=\"s9\">\u2019<\/span><span class=\"s9\">art.<\/span> <span class=\"s9\">30<\/span> <span class=\"s9\">del<\/span> <span class=\"s9\">C<\/span><span class=\"s9\">TS<\/span> <span class=\"s9\">nel<\/span> <span class=\"s9\">caso<\/span> <span class=\"s9\">sussistano<\/span> <span class=\"s9\">gli<\/span> <span class=\"s9\">obblighi<\/span> <span class=\"s9\">di<\/span> <span class=\"s9\">legge,<\/span> <span class=\"s9\">c<\/span><span class=\"s9\">on<\/span> <span class=\"s9\">il<\/span><span class=\"s9\">c<\/span><span class=\"s9\">ompi<\/span><span class=\"s9\">t<\/span><span class=\"s9\">o di:<\/span><\/p>\n<div class=\"s32\"><span class=\"s13\">&#8211; <\/span><span class=\"s9\">vigila<\/span><span class=\"s9\">r<\/span><span class=\"s9\">e<\/span> <span class=\"s9\">sul<\/span><span class=\"s9\">l<\/span><span class=\"s9\">\u2019<\/span><span class=\"s9\">osser<\/span><span class=\"s9\">v<\/span><span class=\"s9\">anza<\/span> <span class=\"s9\">della<\/span> <span class=\"s9\">legge<\/span> <span class=\"s9\">e dello<\/span> <span class=\"s9\">st<\/span><span class=\"s9\">a<\/span><span class=\"s9\">tu<\/span><span class=\"s9\">t<\/span><span class=\"s9\">o<\/span> <span class=\"s9\">e<\/span> <span class=\"s9\">sul<\/span> <span class=\"s9\">risp<\/span><span class=\"s9\">e<\/span><span class=\"s9\">t<\/span><span class=\"s9\">t<\/span><span class=\"s9\">o<\/span> <span class=\"s9\">dei<\/span> <span class=\"s9\">principi<\/span> <span class=\"s9\">di<\/span> <span class=\"s9\">c<\/span><span class=\"s9\">or<\/span><span class=\"s9\">r<\/span><span class=\"s9\">e<\/span><span class=\"s9\">tta<\/span> <span class=\"s9\">amminist<\/span><span class=\"s9\">r<\/span><span class=\"s9\">azione;<\/span> <span class=\"s9\">nonch\u00e9<\/span><span class=\"s9\">sul<\/span><span class=\"s9\">l<\/span><span class=\"s9\">\u2019<\/span><span class=\"s9\">ad<\/span><span class=\"s9\">egu<\/span><span class=\"s9\">a<\/span><span class=\"s9\">t<\/span><span class=\"s9\">e<\/span><span class=\"s9\">zza<\/span> <span class=\"s9\">del<\/span><span class=\"s9\">l<\/span><span class=\"s9\">\u2019<\/span><span class=\"s9\">ass<\/span><span class=\"s9\">e<\/span><span class=\"s9\">t<\/span><span class=\"s9\">t<\/span><span class=\"s9\">o<\/span> <span class=\"s9\">o<\/span><span class=\"s9\">r<\/span><span class=\"s9\">ganizz<\/span><span class=\"s9\">a<\/span><span class=\"s9\">ti<\/span><span class=\"s9\">v<\/span><span class=\"s9\">o,<\/span> <span class=\"s9\">amminist<\/span><span class=\"s9\">ra<\/span><span class=\"s9\">ti<\/span><span class=\"s9\">v<\/span><span class=\"s9\">o<\/span> <span class=\"s9\">e<\/span> <span class=\"s9\">c<\/span><span class=\"s9\">o<\/span><span class=\"s9\">n<\/span><span class=\"s9\">tabile<\/span> <span class=\"s9\">e<\/span> <span class=\"s9\">sul<\/span> <span class=\"s9\">suo<\/span> <span class=\"s9\">c<\/span><span class=\"s9\">on<\/span><span class=\"s9\">c<\/span><span class=\"s9\">r<\/span><span class=\"s9\">e<\/span><span class=\"s9\">t<\/span><span class=\"s9\">o<\/span> <span class=\"s9\">funzioname<\/span><span class=\"s9\">n<\/span><span class=\"s9\">t<\/span><span class=\"s9\">o;<\/span><\/div>\n<div class=\"s33\"><span class=\"s13\">&#8211; <\/span><span class=\"s9\">ese<\/span><span class=\"s9\">r<\/span><span class=\"s9\">cita<\/span><span class=\"s9\">r<\/span><span class=\"s9\">e<\/span> <span class=\"s9\">il<\/span> <span class=\"s9\">c<\/span><span class=\"s9\">o<\/span><span class=\"s9\">n<\/span><span class=\"s9\">t<\/span><span class=\"s9\">r<\/span><span class=\"s9\">ollo<\/span> <span class=\"s9\">c<\/span><span class=\"s9\">o<\/span><span class=\"s9\">n<\/span><span class=\"s9\">tabile,<\/span> <span class=\"s9\">nel<\/span> <span class=\"s9\">caso<\/span> <span class=\"s9\">in<\/span> <span class=\"s9\">cui<\/span> <span class=\"s9\">non<\/span> <span class=\"s9\">sia<\/span> <span class=\"s9\">nomin<\/span><span class=\"s9\">a<\/span><span class=\"s9\">t<\/span><span class=\"s9\">o<\/span> <span class=\"s9\">un<\/span> <span class=\"s9\">sogg<\/span><span class=\"s9\">e<\/span><span class=\"s9\">t<\/span><span class=\"s9\">t<\/span><span class=\"s9\">o<\/span> <span class=\"s9\">incaric<\/span><span class=\"s9\">a<\/span><span class=\"s9\">t<\/span><span class=\"s9\">o<\/span> <span class=\"s9\">della<\/span> <span class=\"s9\">r<\/span><span class=\"s9\">e<\/span><span class=\"s9\">visione<\/span> <span class=\"s9\">legale<\/span> <span class=\"s9\">dei<\/span><span class=\"s9\">c<\/span><span class=\"s9\">o<\/span><span class=\"s9\">n<\/span><span class=\"s9\">ti<\/span> <span class=\"s9\">o<\/span> <span class=\"s9\">nel<\/span> <span class=\"s9\">caso<\/span> <span class=\"s9\">in<\/span> <span class=\"s9\">cui<\/span> <span class=\"s9\">un<\/span> <span class=\"s9\">suo<\/span> <span class=\"s9\">c<\/span><span class=\"s9\">ompone<\/span><span class=\"s9\">n<\/span><span class=\"s9\">t<\/span><span class=\"s9\">e<\/span> <span class=\"s9\">sia<\/span> <span class=\"s9\">un<\/span> <span class=\"s9\">r<\/span><span class=\"s9\">e<\/span><span class=\"s9\">viso<\/span><span class=\"s9\">r<\/span><span class=\"s9\">e<\/span> <span class=\"s9\">legale<\/span> <span class=\"s9\">iscrit<\/span><span class=\"s9\">t<\/span><span class=\"s9\">o<\/span> <span class=\"s9\">nel<\/span><span class=\"s9\">l<\/span><span class=\"s9\">\u2019<\/span><span class=\"s9\">apposi<\/span><span class=\"s9\">t<\/span><span class=\"s9\">o<\/span> <span class=\"s9\">r<\/span><span class=\"s9\">egist<\/span><span class=\"s9\">r<\/span><span class=\"s9\">o;<\/span><\/div>\n<div class=\"s34\"><span class=\"s13\">&#8211; <\/span><span class=\"s9\">moni<\/span><span class=\"s9\">t<\/span><span class=\"s9\">o<\/span><span class=\"s9\">r<\/span><span class=\"s9\">a<\/span><span class=\"s9\">r<\/span><span class=\"s9\">e<\/span> <span class=\"s9\">del<\/span><span class=\"s9\">l<\/span><span class=\"s9\">\u2019<\/span><span class=\"s9\">osser<\/span><span class=\"s9\">v<\/span><span class=\"s9\">anza<\/span> <span class=\"s9\">delle<\/span> <span class=\"s9\">finalit\u00e0<\/span> <span class=\"s9\">civiche,<\/span> <span class=\"s9\">solidaristiche<\/span> <span class=\"s9\">e<\/span> <span class=\"s9\">di<\/span> <span class=\"s9\">utilit\u00e0<\/span> <span class=\"s9\">socia<\/span><span class=\"s9\">le,<\/span> <span class=\"s9\">ed<\/span> <span class=\"s9\">a<\/span><span class=\"s9\">t<\/span><span class=\"s9\">t<\/span><span class=\"s9\">esta<\/span><span class=\"s9\">r<\/span><span class=\"s9\">e<\/span> <span class=\"s9\">che<\/span> <span class=\"s9\">il<\/span> <span class=\"s9\">bilancio<\/span> <span class=\"s9\">sociale<\/span><span class=\"s9\">sia<\/span> <span class=\"s9\">st<\/span><span class=\"s9\">a<\/span><span class=\"s9\">t<\/span><span class=\"s9\">o<\/span> <span class=\"s9\">r<\/span><span class=\"s9\">ed<\/span><span class=\"s9\">a<\/span><span class=\"s9\">t<\/span><span class=\"s9\">t<\/span><span class=\"s9\">o<\/span> <span class=\"s9\">in<\/span> <span class=\"s9\">c<\/span><span class=\"s9\">o<\/span><span class=\"s9\">n<\/span><span class=\"s9\">f<\/span><span class=\"s9\">ormit\u00e0<\/span> <span class=\"s9\">alle<\/span> <span class=\"s9\">linee<\/span> <span class=\"s9\">guida.<\/span><\/div>\n<p class=\"s35\"><span class=\"s9\">Il<\/span> <span class=\"s9\">bilancio<\/span> <span class=\"s9\">sociale<\/span> <span class=\"s9\">d\u00e0<\/span> <span class=\"s9\">a<\/span><span class=\"s9\">t<\/span><span class=\"s9\">t<\/span><span class=\"s9\">o<\/span> <span class=\"s9\">degli<\/span> <span class=\"s9\">esiti<\/span> <span class=\"s9\">del<\/span> <span class=\"s9\">moni<\/span><span class=\"s9\">t<\/span><span class=\"s9\">o<\/span><span class=\"s9\">r<\/span><span class=\"s9\">aggio<\/span> <span class=\"s9\">s<\/span><span class=\"s9\">v<\/span><span class=\"s9\">ol<\/span><span class=\"s9\">t<\/span><span class=\"s9\">o<\/span> <span class=\"s9\">dai<\/span> <span class=\"s9\">Sindaci.<\/span> <span class=\"s9\">Ai<\/span><span class=\"s9\">\/<\/span><span class=\"s9\">alle <\/span><span class=\"s9\">c<\/span><span class=\"s9\">ompone<\/span><span class=\"s9\">n<\/span><span class=\"s9\">ti del<\/span><span class=\"s9\">l<\/span><span class=\"s9\">\u2019<\/span><span class=\"s9\">O<\/span><span class=\"s9\">r<\/span><span class=\"s9\">ganismo di<\/span><span class=\"s9\">c<\/span><span class=\"s9\">o<\/span><span class=\"s9\">n<\/span><span class=\"s9\">t<\/span><span class=\"s9\">r<\/span><span class=\"s9\">ollo<\/span> <span class=\"s9\">si<\/span> <span class=\"s9\">applica<\/span> <span class=\"s9\">l<\/span><span class=\"s9\">\u2019<\/span><span class=\"s9\">arti<\/span><span class=\"s9\">c<\/span><span class=\"s9\">olo<\/span> <span class=\"s9\">2399<\/span> <span class=\"s9\">del<\/span> <span class=\"s9\">c<\/span><span class=\"s9\">odi<\/span><span class=\"s9\">c<\/span><span class=\"s9\">e<\/span> <span class=\"s9\">civile<\/span> <span class=\"s9\">(<\/span><span class=\"s9\">Cause<\/span> <span class=\"s9\">d\u2019ineleggibilit\u00e0<\/span> <span class=\"s9\">e<\/span> <span class=\"s9\">di<\/span> <span class=\"s9\">decadenza). \u00a0<\/span> <span class=\"s9\">Almeno \u00a0<\/span> <span class=\"s9\">uno<\/span><span class=\"s9\">\/<\/span><span class=\"s9\">a \u00a0<\/span> <span class=\"s9\">dei<\/span><span class=\"s9\">\/<\/span><span class=\"s9\">delle<\/span><span class=\"s9\">c<\/span><span class=\"s9\">ompone<\/span><span class=\"s9\">n<\/span><span class=\"s9\">ti<\/span> <span class=\"s9\">d<\/span><span class=\"s9\">e<\/span><span class=\"s9\">v<\/span><span class=\"s9\">e<\/span> <span class=\"s9\">esse<\/span><span class=\"s9\">r<\/span><span class=\"s9\">e<\/span> <span class=\"s9\">s<\/span><span class=\"s9\">c<\/span><span class=\"s9\">el<\/span><span class=\"s9\">t<\/span><span class=\"s9\">o<\/span><span class=\"s9\">\/<\/span><span class=\"s9\">a f<\/span><span class=\"s9\">r<\/span><span class=\"s9\">a<\/span> <span class=\"s9\">i<\/span> <span class=\"s9\">r<\/span><span class=\"s9\">e<\/span><span class=\"s9\">visori<\/span> <span class=\"s9\">legali<\/span> <span class=\"s9\">iscritti<\/span> <span class=\"s9\">nel<\/span><span class=\"s9\">l<\/span><span class=\"s9\">\u2019<\/span><span class=\"s9\">apposi<\/span><span class=\"s9\">t<\/span><span class=\"s9\">o<\/span> <span class=\"s9\">r<\/span><span class=\"s9\">egist<\/span><span class=\"s9\">r<\/span><span class=\"s9\">o,<\/span> <span class=\"s9\">c<\/span><span class=\"s9\">ome<\/span> <span class=\"s9\">p<\/span><span class=\"s9\">r<\/span><span class=\"s9\">e<\/span><span class=\"s9\">vis<\/span><span class=\"s9\">t<\/span><span class=\"s9\">o<\/span> <span class=\"s9\">dal<\/span><span class=\"s9\">l<\/span><span class=\"s9\">\u2019<\/span><span class=\"s9\">arti<\/span><span class=\"s9\">c<\/span><span class=\"s9\">olo<\/span> <span class=\"s9\">23<\/span><span class=\"s9\">9<\/span><span class=\"s9\">7<\/span><span class=\"s9\">,<\/span><span class=\"s9\">c<\/span><span class=\"s9\">omma<\/span> <span class=\"s9\">se<\/span><span class=\"s9\">c<\/span><span class=\"s9\">ondo,<\/span> <span class=\"s9\">del<\/span> <span class=\"s9\">c<\/span><span class=\"s9\">odi<\/span><span class=\"s9\">c<\/span><span class=\"s9\">e<\/span> <span class=\"s9\">civile,<\/span> <span class=\"s9\">i\/le<\/span> <span class=\"s9\">r<\/span><span class=\"s9\">esta<\/span><span class=\"s9\">n<\/span><span class=\"s9\">ti<\/span> <span class=\"s9\">c<\/span><span class=\"s9\">ompone<\/span><span class=\"s9\">n<\/span><span class=\"s9\">ti d<\/span><span class=\"s9\">o<\/span><span class=\"s9\">v<\/span><span class=\"s9\">r<\/span><span class=\"s9\">anno<\/span> <span class=\"s9\">c<\/span><span class=\"s9\">omunque<\/span> <span class=\"s9\">possede<\/span><span class=\"s9\">r<\/span><span class=\"s9\">e<\/span> <span class=\"s9\">adegu<\/span><span class=\"s9\">a<\/span><span class=\"s9\">ta<\/span> <span class=\"s9\">esperienza<\/span> <span class=\"s9\">in<\/span><span class=\"s9\">campo<\/span> <span class=\"s9\">amminist<\/span><span class=\"s9\">ra<\/span><span class=\"s9\">ti<\/span><span class=\"s9\">v<\/span><span class=\"s9\">o,<\/span> <span class=\"s9\">c<\/span><span class=\"s9\">o<\/span><span class=\"s9\">n<\/span><span class=\"s9\">tabile<\/span> <span class=\"s9\">e<\/span> <span class=\"s9\">associ<\/span><span class=\"s9\">a<\/span><span class=\"s9\">ti<\/span><span class=\"s9\">v<\/span><span class=\"s9\">o.<\/span><\/p>\n<p class=\"s36\">\n<p class=\"s37\"><span class=\"s8\">Art. <\/span><span class=\"s8\">2<\/span><span class=\"s8\">1<\/span><span class=\"s9\"> &#8211; F<\/span><span class=\"s9\">ermo<\/span> <span class=\"s9\">r<\/span><span class=\"s9\">estando<\/span> <span class=\"s9\">qua<\/span><span class=\"s9\">n<\/span><span class=\"s9\">t<\/span><span class=\"s9\">o<\/span> <span class=\"s9\">p<\/span><span class=\"s9\">r<\/span><span class=\"s9\">e<\/span><span class=\"s9\">vis<\/span><span class=\"s9\">t<\/span><span class=\"s9\">o<\/span> <span class=\"s9\">dal<\/span><span class=\"s9\">l<\/span><span class=\"s9\">\u2019<\/span><span class=\"s9\">arti<\/span><span class=\"s9\">c<\/span><span class=\"s9\">olo<\/span> <span class=\"s9\">p<\/span><span class=\"s9\">r<\/span><span class=\"s9\">e<\/span><span class=\"s9\">c<\/span><span class=\"s9\">ede<\/span><span class=\"s9\">n<\/span><span class=\"s9\">t<\/span><span class=\"s9\">e,<\/span> <span class=\"s9\">nei<\/span> <span class=\"s9\">casi<\/span> <span class=\"s9\">p<\/span><span class=\"s9\">r<\/span><span class=\"s9\">e<\/span><span class=\"s9\">visti<\/span> <span class=\"s9\">dal<\/span><span class=\"s9\">l<\/span><span class=\"s9\">\u2019<\/span><span class=\"s9\">a<\/span><span class=\"s9\">rt.<\/span> <span class=\"s9\">31<\/span> <span class=\"s9\">del<\/span> <span class=\"s9\">C<\/span><span class=\"s9\">TS,<\/span> <span class=\"s9\">ASC <\/span><span class=\"s9\">Martina <\/span><span class=\"s9\">nomine<\/span><span class=\"s9\">r<\/span><span class=\"s9\">\u00e0<\/span> <span class=\"s9\">un <\/span><span class=\"s9\">r<\/span><span class=\"s9\">e<\/span><span class=\"s9\">viso<\/span><span class=\"s9\">r<\/span><span class=\"s9\">e<\/span> <span class=\"s9\">legale<\/span> <span class=\"s9\">dei<\/span> <span class=\"s9\">c<\/span><span class=\"s9\">o<\/span><span class=\"s9\">n<\/span><span class=\"s9\">ti<\/span> <span class=\"s9\">o<\/span> <span class=\"s9\">una<\/span> <span class=\"s9\">soci<\/span><span class=\"s9\">e<\/span><span class=\"s9\">t\u00e0 <\/span><span class=\"s9\">di<\/span> <span class=\"s9\">r<\/span><span class=\"s9\">e<\/span><span class=\"s9\">visione<\/span> <span class=\"s9\">legale<\/span> <span class=\"s9\">iscritti<\/span> <span class=\"s9\">nel<\/span><span class=\"s9\">l<\/span><span class=\"s9\">\u2019<\/span><span class=\"s9\">apposi<\/span><span class=\"s9\">t<\/span><span class=\"s9\">o<\/span> <span class=\"s9\">r<\/span><span class=\"s9\">egist<\/span><span class=\"s9\">r<\/span><span class=\"s9\">o.<\/span><\/p>\n<p class=\"s7\">\n<p class=\"s7\"><span class=\"s5\">Art. 2<\/span><span class=\"s5\">2<\/span> <span class=\"s6\">&#8211; Il <\/span><span class=\"s5\">Collegio dei Garanti<\/span> <span class=\"s6\">\u00e8<\/span><span class=\"s6\"> composto da tre membri o comunque da un numero dispari di componenti diverso da uno. Viene chiamato a giudicare su eventuali divergenze o questioni nate all\u2019interno dell\u2019associazione, sulle violazioni dello Statuto e dei regolamenti e sull\u2019inosservanza delle delibere.<\/span><\/p>\n<p class=\"s7\"><span class=\"s6\">Pu\u00f2 proporre l\u2019espulsione dei soci deferiti al Collegio, ai sensi del presente statuto.<\/span><\/p>\n<p class=\"s7\"><span class=\"s6\">Il Collegio decide a maggioranza assoluta dei suoi membri, riunendosi ogni qual volta le condizioni lo rendano necessario.<\/span><\/p>\n<p class=\"s7\">\n<p class=\"s7\"><span class=\"s5\">Art. <\/span><span class=\"s5\">2<\/span><span class=\"s5\">3<\/span><span class=\"s6\"> &#8211; Le cariche di consigliere<\/span><span class=\"s6\">,<\/span><span class=\"s6\"> sindaco revisore e garante sono incompatibili fra di loro.<\/span><\/p>\n<p class=\"s7\">\n<p class=\"s7\"><span class=\"s5\">Art.<\/span><span class=\"s5\"> 2<\/span><span class=\"s5\">4<\/span><span class=\"s6\"> &#8211; Il patrimonio sociale di ASC<\/span><span class=\"s6\"> Martina<\/span><span class=\"s6\"> \u00e8 indivisibile ed \u00e8 costituito:<\/span><\/p>\n<div class=\"s23\">&#8211; <span class=\"s6\">dalla quote sociali;<\/span><\/div>\n<div class=\"s23\">&#8211; <span class=\"s6\">dal \u201cFondo <\/span><span class=\"s6\">Territoriale di Partecipazione<\/span><span class=\"s6\">\u201d ASC, costituito dai cont<\/span><span class=\"s6\">r<\/span><span class=\"s6\">ibuti annualmente stabiliti dalla Assemblea;<\/span><\/div>\n<div class=\"s23\">&#8211; <span class=\"s6\">da contributi pubblici o privati, erogazioni, lasciti e donazioni accettate dalla Assemblea, che ne verificher\u00e0 la congruenza con gli obiettivi dell\u2019Associazione;<\/span><\/div>\n<div class=\"s23\">&#8211; <span class=\"s6\">da ogni altro provento derivante da attivit\u00e0 ed iniziative dell\u2019Associazione;<\/span><\/div>\n<div class=\"s23\">&#8211; <span class=\"s6\">dai beni mobili<\/span><span class=\"s6\"> ed immobili di propriet\u00e0 dell\u2019A<\/span><span class=\"s6\">ssociazione.<\/span><\/div>\n<p class=\"s7\">\n<p class=\"s7\"><span class=\"s5\">Art. <\/span><span class=\"s5\">2<\/span><span class=\"s5\">5<\/span><span class=\"s6\"> &#8211; L&#8217;esercizio sociale si intende dal 1<\/span><span class=\"s6\">\u00b0<\/span> <span class=\"s6\">g<\/span><span class=\"s6\">ennaio al 31 <\/span><span class=\"s6\">d<\/span><span class=\"s6\">icembre di ogni anno. Di esso deve essere presentato un rendiconto economico e finanziario all\u2019Assemblea entro i primi 4 mesi dell&#8217;anno successivo.<\/span><\/p>\n<p class=\"s7\"><span class=\"s6\">Deroghe possono essere previste in caso di comprovata necessit\u00e0 o impedimento.<\/span><\/p>\n<p class=\"s7\"><span class=\"s6\">Il rendiconto dell&#8217;esercizio dovr\u00e0 evidenziare in modo analitico i costi ed i proventi di competenza, nonch\u00e9 la consistenza finanziaria e le poste rettificative che consentano di determinare la competenza dell&#8217;esercizio e il patrim<\/span><span class=\"s6\">onio dell&#8217;A<\/span><span class=\"s6\">ssociazione.<\/span><\/p>\n<p class=\"s7\"><span class=\"s6\">Sono previsti la costituzione e l&#8217;incremento del fondo di riserva. L&#8217;utilizzo del fondo di riserva <\/span><span class=\"s6\">\u00e8<\/span><span class=\"s6\"> vincolato alla decisione dell\u2019Assemblea<\/span><span class=\"s6\">.<\/span><\/p>\n<p class=\"s7\"><span class=\"s6\">Il residuo attivo di ogni esercizio sar\u00e0 devoluto in parte<\/span><span class=\"s6\"> al fondo di riserva<\/span><span class=\"s6\"> e il rimanente sar\u00e0 tenuto a disposizione per iniziative consone agli scopi sociali e per nuovi impianti o attrezzature.<\/span><\/p>\n<p class=\"s7\">\n<p class=\"s7\"><span class=\"s5\">Art. 2<\/span><span class=\"s5\">6<\/span><span class=\"s5\"> &#8211;<\/span><span class=\"s6\"> La decisione<\/span><span class=\"s6\"> motivata di scioglimento dell\u2019A<\/span><span class=\"s6\">ssociazione deve essere presa da almeno i quattro quinti dei Soci aventi diritto al voto, in un congresso valido alla presenza della maggioranza assoluta dei delegati. Ove non sia possibile tale maggioranza, nel corso di tre successive convocazioni assembleari, ricorrenti a distanza di almeno 15 giorni, di cui l\u2019ultima adeguatamente pubblicizzata, lo scioglimento potr\u00e0 comunque essere deliberato.<\/span><\/p>\n<p class=\"s7\"><span class=\"s6\">L\u2019A<\/span><span class=\"s6\">ssemblea stessa decide sulla devoluzione del patrimonio residuo, dedotte le eventuali passivit\u00e0, per uno o pi\u00f9 scopi stabiliti <\/span><span class=\"s6\">dal presente statuto, ad altra a<\/span><span class=\"s6\">ssociazione con finalit\u00e0 analoghe e comunque per scopi di utilit\u00e0 generale, in conformit\u00e0 con quanto previsto <\/span><span class=\"s6\">dall\u2019a<\/span><span class=\"s6\">rt. 9 del CTS,<\/span><span class=\"s6\"> procedendo alla nomina di uno o pi\u00f9 liquidatori, scegliendoli preferibilmente fra i soci.<\/span><\/p>\n<p class=\"s7\"><span class=\"s6\">Stessa destinazione avr\u00e0 il patrimonio residuo anche nei casi di cessazione od estinzione dell\u2019Associazione. In questi ultimi due casi sar\u00e0 cura degli organi sociali residui, o di quelli sovraordinati, procedere alla nomina di un liquidatore.<\/span><\/p>\n<p class=\"s7\">\n<p><span class=\"s5\">Art. 2<\/span><span class=\"s5\">7<\/span><span class=\"s5\"> &#8211;<\/span> <span class=\"s6\">F<\/span><span class=\"s6\">erma<\/span> <span class=\"s6\">r<\/span><span class=\"s6\">estando<\/span> <span class=\"s6\">la<\/span> <span class=\"s6\">f<\/span><span class=\"s6\">a<\/span><span class=\"s6\">c<\/span><span class=\"s6\">olt\u00e0<\/span> <span class=\"s6\">dell\u2019Assemblea<\/span> <span class=\"s6\">di<\/span> <span class=\"s6\">decide<\/span><span class=\"s6\">r<\/span><span class=\"s6\">e<\/span><span class=\"s6\">i<\/span><span class=\"s6\">n<\/span><span class=\"s6\">t<\/span><span class=\"s6\">eg<\/span><span class=\"s6\">r<\/span><span class=\"s6\">azioni<\/span> <span class=\"s6\">o<\/span> <span class=\"s6\">modifiche<\/span> <span class=\"s6\">allo<\/span> <span class=\"s6\">S<\/span><span class=\"s6\">t<\/span><span class=\"s6\">a<\/span><span class=\"s6\">tu<\/span><span class=\"s6\">t<\/span><span class=\"s6\">o<\/span> <span class=\"s6\">di<\/span> <span class=\"s6\">cui<\/span> <span class=\"s6\">al<\/span><span class=\"s6\">l<\/span><span class=\"s6\">\u2019<\/span><span class=\"s6\">art.<\/span> <span class=\"s6\">3<\/span><span class=\"s6\">,<\/span> <span class=\"s6\">all\u2019Assemblea<\/span><span class=\"s6\">\u00e8<\/span> <span class=\"s6\">alt<\/span><span class=\"s6\">r<\/span><span class=\"s6\">es\u00ec<\/span> <span class=\"s6\">c<\/span><span class=\"s6\">o<\/span><span class=\"s6\">n<\/span><span class=\"s6\">f<\/span><span class=\"s6\">erita<\/span> <span class=\"s6\">la<\/span> <span class=\"s6\">f<\/span><span class=\"s6\">a<\/span><span class=\"s6\">c<\/span><span class=\"s6\">olt\u00e0<\/span> <span class=\"s6\">di<\/span> <span class=\"s6\">decide<\/span><span class=\"s6\">r<\/span><span class=\"s6\">e<\/span> <span class=\"s6\">i<\/span><span class=\"s6\">n<\/span><span class=\"s6\">t<\/span><span class=\"s6\">eg<\/span><span class=\"s6\">r<\/span><span class=\"s6\">azioni<\/span> <span class=\"s6\">o<\/span> <span class=\"s6\">modifiche<\/span><span class=\"s6\">sta<\/span><span class=\"s6\">tutarie<\/span> <span class=\"s6\">ne<\/span><span class=\"s6\">c<\/span><span class=\"s6\">essarie<\/span> <span class=\"s6\">al<\/span><span class=\"s6\">l<\/span><span class=\"s6\">\u2019iscrizione<\/span> <span class=\"s6\">al<\/span> <span class=\"s6\">R<\/span><span class=\"s6\">egist<\/span><span class=\"s6\">r<\/span><span class=\"s6\">o<\/span> <span class=\"s6\">uni<\/span><span class=\"s6\">c<\/span><span class=\"s6\">o<\/span> <span class=\"s6\">nazionale<\/span> <span class=\"s6\">del<\/span><span class=\"s6\">T<\/span><span class=\"s6\">er<\/span><span class=\"s6\">z<\/span><span class=\"s6\">o<\/span> <span class=\"s6\">s<\/span><span class=\"s6\">e<\/span><span class=\"s6\">t<\/span><span class=\"s6\">t<\/span><span class=\"s6\">o<\/span><span class=\"s6\">r<\/span><span class=\"s6\">e<\/span> <span class=\"s6\">e al<\/span><span class=\"s6\">l<\/span><span class=\"s6\">\u2019<\/span><span class=\"s6\">a<\/span><span class=\"s6\">c<\/span><span class=\"s6\">c<\/span><span class=\"s6\">r<\/span><span class=\"s6\">editame<\/span><span class=\"s6\">n<\/span><span class=\"s6\">t<\/span><span class=\"s6\">o<\/span> <span class=\"s6\">di<\/span> <span class=\"s6\">cui<\/span> <span class=\"s6\">al<\/span><span class=\"s6\">l<\/span><span class=\"s6\">\u2019<\/span><span class=\"s6\">art.<\/span> <span class=\"s6\">93<\/span> <span class=\"s6\">c<\/span><span class=\"s6\">omma<\/span> <span class=\"s6\">5<\/span> <span class=\"s6\">del<\/span><span class=\"s6\">C<\/span><span class=\"s6\">TS e alla normativa di servizio civile.<\/span><\/p>\n<p><span class=\"s6\">In attesa delle disposizioni di legge relative alle reti associative nazionali, l\u2019Assemblea Nazionale stabilisce i contenuti degli statuti regionali e locali che recepiscono norme dello statuto nazionale<\/span><span class=\"s6\">, nonch\u00e9 deroghe e procedure richiamate nel CTS in materia di reti associative.<\/span><\/p>\n<p class=\"s7\">\n<p class=\"s7\"><span class=\"s38\">Art. 2<\/span><span class=\"s38\">8<\/span><span class=\"s39\">&#8211; Per quanto non previsto dallo statuto o dai regolamenti interni, valgono le norme del codice civile e delle leggi vigenti.<\/span><\/p>\n","protected":false},"excerpt":{"rendered":"<p>Statuto di Arci Servizio Civile Martina Franca Premessa Arci Servizio Civile Martina Franca APS si costituisce quale articolazione territoriale di Arci Servizio Civile Nazionale, operante come Coordinamento dal settembre 1986,&#8230;<\/p>\n","protected":false},"author":33,"featured_media":0,"parent":0,"menu_order":0,"comment_status":"closed","ping_status":"closed","template":"","meta":{"footnotes":""},"_links":{"self":[{"href":"https:\/\/temporaneo.arciserviziocivile.it\/martinafranca\/wp-json\/wp\/v2\/pages\/21"}],"collection":[{"href":"https:\/\/temporaneo.arciserviziocivile.it\/martinafranca\/wp-json\/wp\/v2\/pages"}],"about":[{"href":"https:\/\/temporaneo.arciserviziocivile.it\/martinafranca\/wp-json\/wp\/v2\/types\/page"}],"author":[{"embeddable":true,"href":"https:\/\/temporaneo.arciserviziocivile.it\/martinafranca\/wp-json\/wp\/v2\/users\/33"}],"replies":[{"embeddable":true,"href":"https:\/\/temporaneo.arciserviziocivile.it\/martinafranca\/wp-json\/wp\/v2\/comments?post=21"}],"version-history":[{"count":6,"href":"https:\/\/temporaneo.arciserviziocivile.it\/martinafranca\/wp-json\/wp\/v2\/pages\/21\/revisions"}],"predecessor-version":[{"id":257,"href":"https:\/\/temporaneo.arciserviziocivile.it\/martinafranca\/wp-json\/wp\/v2\/pages\/21\/revisions\/257"}],"wp:attachment":[{"href":"https:\/\/temporaneo.arciserviziocivile.it\/martinafranca\/wp-json\/wp\/v2\/media?parent=21"}],"curies":[{"name":"wp","href":"https:\/\/api.w.org\/{rel}","templated":true}]}}